{"id":25,"date":"2022-07-25T20:09:27","date_gmt":"2022-07-25T20:09:27","guid":{"rendered":"https:\/\/flipper.lu\/?page_id=25"},"modified":"2026-01-02T19:16:37","modified_gmt":"2026-01-02T17:16:37","slug":"eis-theaterstecker","status":"publish","type":"page","link":"https:\/\/theaterfrennpeiteng.lu\/?page_id=25","title":{"rendered":"Eis Theaterst\u00e9cker"},"content":{"rendered":"\n<h2 class=\"wp-block-heading has-text-align-center has-large-font-size\"><strong>Joergang 2013<\/strong><\/h2>\n\n\n\n<figure class=\"wp-block-image size-large\"><img loading=\"lazy\" decoding=\"async\" width=\"718\" height=\"1024\" src=\"https:\/\/theaterfrennpeiteng.lu\/wp-content\/uploads\/2022\/07\/Theater-Affiche-718x1024.jpeg\" alt=\"Theater-Affiche 2013\" class=\"wp-image-143\" srcset=\"https:\/\/theaterfrennpeiteng.lu\/wp-content\/uploads\/2022\/07\/Theater-Affiche-718x1024.jpeg 718w, https:\/\/theaterfrennpeiteng.lu\/wp-content\/uploads\/2022\/07\/Theater-Affiche-210x300.jpeg 210w, https:\/\/theaterfrennpeiteng.lu\/wp-content\/uploads\/2022\/07\/Theater-Affiche-768x1095.jpeg 768w, https:\/\/theaterfrennpeiteng.lu\/wp-content\/uploads\/2022\/07\/Theater-Affiche-1077x1536.jpeg 1077w, https:\/\/theaterfrennpeiteng.lu\/wp-content\/uploads\/2022\/07\/Theater-Affiche-1436x2048.jpeg 1436w, https:\/\/theaterfrennpeiteng.lu\/wp-content\/uploads\/2022\/07\/Theater-Affiche.jpeg 1704w\" sizes=\"auto, (max-width: 718px) 100vw, 718px\" \/><\/figure>\n\n\n\n<div class=\"wp-block-group\"><div class=\"wp-block-group__inner-container is-layout-flow wp-block-group-is-layout-flow\">\n<div class=\"wp-block-columns is-layout-flex wp-container-core-columns-is-layout-9d6595d7 wp-block-columns-is-layout-flex\">\n<div class=\"wp-block-column is-layout-flow wp-block-column-is-layout-flow\" style=\"flex-basis:100%\">\n<p>Et hu gespillt : Raymond Kimmes (Max Klemmes) \/ Armand Goldschmit (Pir Klemmes) \/ Claude Humbert (Harri Klemmes \/ Astrid Bernard-Wester (K\u00e4tt Weibel) \/ Viviane Eresch-Stracks (Anna Klemmes) \/ Jennifer Schrank-Torzoni (Louise Bordelli) \/ Nathalia Terres (Lola Cameli) \/ Romain Mertzig (Willi Kneipchen) \/ Roland Schaus (Kommiss\u00e4r Humpi).<br>Regie: Ars\u00e8ne Bernard<br><\/p>\n<\/div>\n<\/div>\n<\/div><\/div>\n\n\n\n<h2 class=\"wp-block-heading has-text-align-center has-large-font-size\"><strong>Joergang 2014<\/strong><\/h2>\n\n\n\n<figure class=\"wp-block-image size-large\"><img loading=\"lazy\" decoding=\"async\" width=\"709\" height=\"1024\" src=\"https:\/\/theaterfrennpeiteng.lu\/wp-content\/uploads\/2022\/07\/Ligeklack-Info-709x1024.jpg\" alt=\"Ligeklack-Info\" class=\"wp-image-135\" srcset=\"https:\/\/theaterfrennpeiteng.lu\/wp-content\/uploads\/2022\/07\/Ligeklack-Info-709x1024.jpg 709w, https:\/\/theaterfrennpeiteng.lu\/wp-content\/uploads\/2022\/07\/Ligeklack-Info-208x300.jpg 208w, https:\/\/theaterfrennpeiteng.lu\/wp-content\/uploads\/2022\/07\/Ligeklack-Info-768x1109.jpg 768w, https:\/\/theaterfrennpeiteng.lu\/wp-content\/uploads\/2022\/07\/Ligeklack-Info-1064x1536.jpg 1064w, https:\/\/theaterfrennpeiteng.lu\/wp-content\/uploads\/2022\/07\/Ligeklack-Info-1418x2048.jpg 1418w, https:\/\/theaterfrennpeiteng.lu\/wp-content\/uploads\/2022\/07\/Ligeklack-Info.jpg 1720w\" sizes=\"auto, (max-width: 709px) 100vw, 709px\" \/><figcaption class=\"wp-element-caption\">Ligeklack-Info<\/figcaption><\/figure>\n\n\n\n<p>Et hu gespillt: Roland Schaus (Haresse Vinz) \/ Claude Humbert (Fixen Tinchen) \/ Massimo D&#8217;Amaro (Paschtouer) \/ Raymond Kimmes (Martin) \/ Armand Goldschmit (Luxen Heng) \/ Jenny Schrank-Torzoni (Walli) \/ Viviane Eresch-Stracks (Margr\u00e9it) \/ Romain Mertzig (Br\u00e9imesch Misch) \/ Astrid Bernard-Wester (H\u00eblzebeens Wirsch) Nathalia Terres (Butzefinn)<br>Regie : Ars\u00e8ne Bernard<\/p>\n\n\n\n<h2 class=\"wp-block-heading has-text-align-center has-large-font-size\"><strong>Joergang 2015<\/strong><\/h2>\n\n\n\n<figure class=\"wp-block-image size-large\"><img loading=\"lazy\" decoding=\"async\" width=\"712\" height=\"1024\" src=\"https:\/\/theaterfrennpeiteng.lu\/wp-content\/uploads\/2022\/08\/Gutt-bedengt-Plakat-712x1024.jpeg\" alt=\"\" class=\"wp-image-282\" srcset=\"https:\/\/theaterfrennpeiteng.lu\/wp-content\/uploads\/2022\/08\/Gutt-bedengt-Plakat-712x1024.jpeg 712w, https:\/\/theaterfrennpeiteng.lu\/wp-content\/uploads\/2022\/08\/Gutt-bedengt-Plakat-209x300.jpeg 209w, https:\/\/theaterfrennpeiteng.lu\/wp-content\/uploads\/2022\/08\/Gutt-bedengt-Plakat-768x1105.jpeg 768w, https:\/\/theaterfrennpeiteng.lu\/wp-content\/uploads\/2022\/08\/Gutt-bedengt-Plakat-1068x1536.jpeg 1068w, https:\/\/theaterfrennpeiteng.lu\/wp-content\/uploads\/2022\/08\/Gutt-bedengt-Plakat-1424x2048.jpeg 1424w, https:\/\/theaterfrennpeiteng.lu\/wp-content\/uploads\/2022\/08\/Gutt-bedengt-Plakat-scaled.jpeg 1780w\" sizes=\"auto, (max-width: 712px) 100vw, 712px\" \/><\/figure>\n\n\n\n<p>Et hu gespillt : Claude Humbert (Butler Heng) \/ Astrid Bernard-Wester (Henriette Majerus) \/ Roland Schaus (Jean-Pierre Majerus) \/ Viviane Eresch-Stracks (Joffer Marie-Louise Konz) \/ Armand Goldschmit (Dr Salvatore Paletti) \/ Giovanna Carone (Milly Reich) \/ Jenny Schrank-Torzoni (Sandra Majerus) \/ Raymond Kimmes (Leutnant Petitgrand) \/ Romain Mertzig (Chauffeur Jang)<br>Regie : Ars\u00e8ne Bernard<\/p>\n\n\n\n<div class=\"wp-block-group has-medium-font-size is-vertical is-layout-flex wp-container-core-group-is-layout-8cf370e7 wp-block-group-is-layout-flex\">\n<h2 class=\"wp-block-heading has-large-font-size\"><strong>Joergang 2016<\/strong><\/h2>\n<\/div>\n\n\n\n<figure class=\"wp-block-image size-large\"><img loading=\"lazy\" decoding=\"async\" width=\"724\" height=\"1024\" src=\"https:\/\/theaterfrennpeiteng.lu\/wp-content\/uploads\/2022\/07\/scheinheetsklinik-2016-724x1024.jpg\" alt=\"scheinheetsklinik-2016\" class=\"wp-image-153\" srcset=\"https:\/\/theaterfrennpeiteng.lu\/wp-content\/uploads\/2022\/07\/scheinheetsklinik-2016-724x1024.jpg 724w, https:\/\/theaterfrennpeiteng.lu\/wp-content\/uploads\/2022\/07\/scheinheetsklinik-2016-212x300.jpg 212w, https:\/\/theaterfrennpeiteng.lu\/wp-content\/uploads\/2022\/07\/scheinheetsklinik-2016-768x1086.jpg 768w, https:\/\/theaterfrennpeiteng.lu\/wp-content\/uploads\/2022\/07\/scheinheetsklinik-2016-1086x1536.jpg 1086w, https:\/\/theaterfrennpeiteng.lu\/wp-content\/uploads\/2022\/07\/scheinheetsklinik-2016.jpg 1191w\" sizes=\"auto, (max-width: 724px) 100vw, 724px\" \/><\/figure>\n\n\n\n<p>Et hu gespillt : Viviane Eresch-Stracks (Simone) \/ Astrid Bernard-Wester (Josette) \/ Claude Humbert (Risch) \/ Raymond Kimmes (Heng) \/ Roland Schaus (Robie) \/ Jenny Schrank-Torzoni (Sandy) \/ Giovanna Carone (Barbie) \/ Romain Mertzig (Xavier) \/ Armand Goldschmit (Dr Metzler)<br>Regie : Ars\u00e8ne Bernard<\/p>\n\n\n\n<h2 class=\"wp-block-heading has-text-align-center has-large-font-size\"><strong>Joergang 2017<\/strong><\/h2>\n\n\n\n<figure class=\"wp-block-image size-large\"><img loading=\"lazy\" decoding=\"async\" width=\"724\" height=\"1024\" src=\"https:\/\/theaterfrennpeiteng.lu\/wp-content\/uploads\/2022\/07\/theater-scaled-724x1024.jpg\" alt=\"Fir seng Famill kann een net\" class=\"wp-image-163\" srcset=\"https:\/\/theaterfrennpeiteng.lu\/wp-content\/uploads\/2022\/07\/theater-scaled-724x1024.jpg 724w, https:\/\/theaterfrennpeiteng.lu\/wp-content\/uploads\/2022\/07\/theater-scaled-212x300.jpg 212w, https:\/\/theaterfrennpeiteng.lu\/wp-content\/uploads\/2022\/07\/theater-scaled-768x1086.jpg 768w, https:\/\/theaterfrennpeiteng.lu\/wp-content\/uploads\/2022\/07\/theater-scaled-1086x1536.jpg 1086w, https:\/\/theaterfrennpeiteng.lu\/wp-content\/uploads\/2022\/07\/theater-scaled-1448x2048.jpg 1448w, https:\/\/theaterfrennpeiteng.lu\/wp-content\/uploads\/2022\/07\/theater-scaled.jpg 1810w\" sizes=\"auto, (max-width: 724px) 100vw, 724px\" \/><\/figure>\n\n\n\n<p>Et hu gespillt: Roland Schaus (Hubbi Bamberg) \/ Raymond Kimmes (Fred Bamberg) \/ Claude Humbert (Willi Bamberg) \/ Viviane Eresch-Stracks (Henriette Bamberg) \/ Mireille Wahl-Schaus (Georgette Bamberg) \/ Jenny Schrank-Torzoni (Denise Oswald) \/ Armand Goldschmit (Gast Hollerich) \/ Romain Mertzig (dem Willi seng L\u00e4ich) \/ Jacky Kleren-Conradt (Th\u00e9r\u00e8se Koch) \/ Astrid Bernard-Wester (Germaine Strauss) \/ Christelle Masutti (Anna) \/ Mireille Polfer (Botzfra)<br>Regie : Ars\u00e8ne Bernard<\/p>\n\n\n\n<h2 class=\"wp-block-heading has-text-align-center has-large-font-size\"><strong>Joergang 2018<\/strong><\/h2>\n\n\n\n<figure class=\"wp-block-image size-full is-resized\"><img loading=\"lazy\" decoding=\"async\" width=\"430\" height=\"640\" src=\"https:\/\/theaterfrennpeiteng.lu\/wp-content\/uploads\/2022\/07\/Plakat-Em-Gottes-Wellen.jpg\" alt=\"Plakat-Em-Gottes-Wellen\" class=\"wp-image-166\" style=\"width:673px;height:1002px\" srcset=\"https:\/\/theaterfrennpeiteng.lu\/wp-content\/uploads\/2022\/07\/Plakat-Em-Gottes-Wellen.jpg 430w, https:\/\/theaterfrennpeiteng.lu\/wp-content\/uploads\/2022\/07\/Plakat-Em-Gottes-Wellen-202x300.jpg 202w\" sizes=\"auto, (max-width: 430px) 100vw, 430px\" \/><\/figure>\n\n\n\n<p>Et hu gespillt : Armand Goldschmit (De Paschtouer Alphonse D\u00e4iwel) \/ Astrid Bernard-Wester (D&#8217;H\u00e4rek\u00e4chen Z\u00ebss) \/ Raymond Kimmes (De Koschter N\u00e9ckel Schiltz) \/ Viviane Eresch-Stracks (D&#8217;Pr\u00e4sidentin vum Porrot Elvire Engel) \/ Roland Schaus (De Generalvikar Leo Wagener) \/ Romaine Linden (Dem N\u00e9ckel seng Fra Maddie Schiltz) \/ Mireille Polfer (D&#8217;Niess vun der Engels Dori Engel) \/ Damiano Rosetti (De Student Siggi B\u00ebschof) \/ Jacky Kleren-Conradt (D&#8217;Fitness Trainerin Corinne Braun) \/ Marco Quintus (Den aale Jonggesell H\u00e4ipy Koster) \/ Mireille Wahl-Schaus (D&#8217;Bitzjoffer Cornelia Meisch)<br>Regie : Ars\u00e8ne Bernard<\/p>\n\n\n\n<h2 class=\"wp-block-heading has-text-align-center has-large-font-size\"><strong>Joergang 2019<\/strong><\/h2>\n\n\n\n<figure class=\"wp-block-image size-large\"><img loading=\"lazy\" decoding=\"async\" width=\"791\" height=\"1024\" src=\"https:\/\/theaterfrennpeiteng.lu\/wp-content\/uploads\/2022\/07\/Flyer-Theater-2019-791x1024.jpg\" alt=\"Natur Pur\" class=\"wp-image-169\" srcset=\"https:\/\/theaterfrennpeiteng.lu\/wp-content\/uploads\/2022\/07\/Flyer-Theater-2019-791x1024.jpg 791w, https:\/\/theaterfrennpeiteng.lu\/wp-content\/uploads\/2022\/07\/Flyer-Theater-2019-232x300.jpg 232w, https:\/\/theaterfrennpeiteng.lu\/wp-content\/uploads\/2022\/07\/Flyer-Theater-2019-768x994.jpg 768w, https:\/\/theaterfrennpeiteng.lu\/wp-content\/uploads\/2022\/07\/Flyer-Theater-2019-1187x1536.jpg 1187w, https:\/\/theaterfrennpeiteng.lu\/wp-content\/uploads\/2022\/07\/Flyer-Theater-2019.jpg 1275w\" sizes=\"auto, (max-width: 767px) 89vw, (max-width: 1000px) 54vw, (max-width: 1071px) 543px, 580px\" \/><\/figure>\n\n\n\n<p>Et hu gespillt: Viviane Eresch-Stracks (Lydie) \/ Roland Schaus (Eric) \/ Mireille Polfer (Christine) \/ Astrid Bernard-Wester (Marthe) \/ Raymond Kimmes (Rudi) \/ Mireille Wahl-Schaus (Boma) \/ Thierry Fidler (Max) \/ Jacky Kleren-Conradt (Claudine) \/ Damiano Rosetti (Metti) \/ Romaine Linden (Charlotte) \/ Armand Goldschmit (Willy) \/ Loredana Messina (Tania)<br>Regie: Ars\u00e8ne Bernard<br>B\u00fchnebauer: Eresch F\u00e9licien \/ Martin Krank (si haten d&#8217;B\u00fchn an ee richtege B\u00ebsch verwandelt mat engem echten Holzchalet!!)<\/p>\n\n\n\n<h2 class=\"wp-block-heading has-text-align-center has-large-font-size\"><strong>Joergang 2021<\/strong><\/h2>\n\n\n\n<figure class=\"wp-block-image size-large\"><img loading=\"lazy\" decoding=\"async\" width=\"724\" height=\"1024\" src=\"https:\/\/theaterfrennpeiteng.lu\/wp-content\/uploads\/2022\/07\/Zickenalarm-724x1024.jpeg\" alt=\"Zickenalarm\" class=\"wp-image-170\" srcset=\"https:\/\/theaterfrennpeiteng.lu\/wp-content\/uploads\/2022\/07\/Zickenalarm-724x1024.jpeg 724w, https:\/\/theaterfrennpeiteng.lu\/wp-content\/uploads\/2022\/07\/Zickenalarm-212x300.jpeg 212w, https:\/\/theaterfrennpeiteng.lu\/wp-content\/uploads\/2022\/07\/Zickenalarm-768x1086.jpeg 768w, https:\/\/theaterfrennpeiteng.lu\/wp-content\/uploads\/2022\/07\/Zickenalarm-1086x1536.jpeg 1086w, https:\/\/theaterfrennpeiteng.lu\/wp-content\/uploads\/2022\/07\/Zickenalarm.jpeg 1190w\" sizes=\"auto, (max-width: 724px) 100vw, 724px\" \/><\/figure>\n\n\n\n<p>Et hu gespillt: Roland Schaus (St\u00e9phane Santer) \/ Christelle Barnet (Brigitte Baum) \/ Jacky Kleren-Conradt (Susy Berger) \/ Mireille Polfer (Manuela) \/ Astrid Bernard-Wester (Carole Peters) \/ Mireille Wahl-Schaus (Isabelle Stoffel) \/ Raymond Kimmes (Jean-Pierre Wenzel) \/ Armand Goldschmit (Martin) \/ Viviane Eresch-Stracks (Nicole) \/ Heng Schitter (Hugo) \/ Damiano Rosetti (Rambo)<br>Regie : Ars\u00e8ne Bernard<br>Regie-Assistenz: Nancy Gruber<\/p>\n\n\n\n<p><\/p>\n\n\n\n<h2 class=\"wp-block-heading has-text-align-center has-large-font-size\"><strong>Joergang 2022<\/strong><\/h2>\n\n\n\n<figure class=\"wp-block-image size-large\"><img loading=\"lazy\" decoding=\"async\" width=\"724\" height=\"1024\" src=\"https:\/\/theaterfrennpeiteng.lu\/wp-content\/uploads\/2022\/12\/Affiche-Theaterfrenn-2022-1-724x1024.jpg\" alt=\"\" class=\"wp-image-897\" srcset=\"https:\/\/theaterfrennpeiteng.lu\/wp-content\/uploads\/2022\/12\/Affiche-Theaterfrenn-2022-1-724x1024.jpg 724w, https:\/\/theaterfrennpeiteng.lu\/wp-content\/uploads\/2022\/12\/Affiche-Theaterfrenn-2022-1-212x300.jpg 212w, https:\/\/theaterfrennpeiteng.lu\/wp-content\/uploads\/2022\/12\/Affiche-Theaterfrenn-2022-1-768x1086.jpg 768w, https:\/\/theaterfrennpeiteng.lu\/wp-content\/uploads\/2022\/12\/Affiche-Theaterfrenn-2022-1-1086x1536.jpg 1086w, https:\/\/theaterfrennpeiteng.lu\/wp-content\/uploads\/2022\/12\/Affiche-Theaterfrenn-2022-1-scaled.jpg 1810w\" sizes=\"auto, (max-width: 724px) 100vw, 724px\" \/><\/figure>\n\n\n\n<p><\/p>\n\n\n\n<p>Et hu gespillt: Astrid Bernard-Wester (Maggy Spillmann) \/ Jacky Kleren-Conradt (Adelina Musto) \/ Raymond Kimmes (Willy Eppstein) \/ Mireille Wahl-Schaus (Cindy Spillmann) \/ Roland Schaus (Karel Rudy Sp\u00ebtzer) \/ Viviane Eresch-Stracks (Louise Sp\u00ebtzer) \/ Armand Goldschmit (Pater Fr\u00e9d\u00e9ric) \/ Mireille Polfer (Manuela) \/ Heng Schitter (Aloyse Kohn) \/ Linden Romaine (Gerty Weber) \/ Christian Loewen (Jo\u00e9 Poir\u00e9)<br>Regie : Ars\u00e8ne Bernard<br>Regie-Assistenz: Marianne Moutschen-Reitz<br>Technik: Heng Kleren<br>B\u00fchnebauer: Eresch F\u00e9licien \/ Martin Krank \/ Raymond Scheid (si hunn d&#8217;B\u00fchn an een wonnersch\u00e9ine W\u00e4inkeller verwandelt)<\/p>\n\n\n\n<h2 class=\"wp-block-heading has-text-align-center has-large-font-size\"><strong>Joergang 2023<\/strong><\/h2>\n\n\n\n<figure class=\"wp-block-image size-full\"><img loading=\"lazy\" decoding=\"async\" width=\"724\" height=\"1024\" src=\"https:\/\/theaterfrennpeiteng.lu\/wp-content\/uploads\/2024\/06\/Affiche-Klappjuegd-2023-724x1024-1.jpeg\" alt=\"\" class=\"wp-image-1382\" srcset=\"https:\/\/theaterfrennpeiteng.lu\/wp-content\/uploads\/2024\/06\/Affiche-Klappjuegd-2023-724x1024-1.jpeg 724w, https:\/\/theaterfrennpeiteng.lu\/wp-content\/uploads\/2024\/06\/Affiche-Klappjuegd-2023-724x1024-1-212x300.jpeg 212w\" sizes=\"auto, (max-width: 724px) 100vw, 724px\" \/><\/figure>\n\n\n\n<p>Et hu gespillt: Astrid Bernard-Wester (&#8230;) \/ Armand Goldschmit (&#8230;) \/ Jacky Kleren-Conradt (&#8230;) \/ Romaine Linden (&#8230;) \/ Christian Loewen (&#8230;) \/ Mireille Polfer (&#8230;) \/ Denis Quintus (&#8230;) \/ Mireille Wahl-Schaus (&#8230;.) \/ Heng Schitter (&#8230;)<br>Regie : Ars\u00e8ne Bernard<br>&#8230;<br>Technik: Heng Kleren<br>B\u00fchnebauer : F\u00e9licien Eresch \/ Martin Krank \/ Raymond Scheid<\/p>\n\n\n\n<h2 class=\"wp-block-heading has-text-align-center has-large-font-size\"><strong>Joergang 2024<\/strong><\/h2>\n\n\n\n<figure class=\"wp-block-image size-large\"><img loading=\"lazy\" decoding=\"async\" width=\"727\" height=\"1024\" src=\"https:\/\/theaterfrennpeiteng.lu\/wp-content\/uploads\/2024\/09\/Aff-Theater-Peiteng_WEB-727x1024.jpg\" alt=\"\" class=\"wp-image-1422\" srcset=\"https:\/\/theaterfrennpeiteng.lu\/wp-content\/uploads\/2024\/09\/Aff-Theater-Peiteng_WEB-727x1024.jpg 727w, https:\/\/theaterfrennpeiteng.lu\/wp-content\/uploads\/2024\/09\/Aff-Theater-Peiteng_WEB-213x300.jpg 213w, https:\/\/theaterfrennpeiteng.lu\/wp-content\/uploads\/2024\/09\/Aff-Theater-Peiteng_WEB-768x1081.jpg 768w, https:\/\/theaterfrennpeiteng.lu\/wp-content\/uploads\/2024\/09\/Aff-Theater-Peiteng_WEB-1091x1536.jpg 1091w, https:\/\/theaterfrennpeiteng.lu\/wp-content\/uploads\/2024\/09\/Aff-Theater-Peiteng_WEB.jpg 1208w\" sizes=\"auto, (max-width: 727px) 100vw, 727px\" \/><\/figure>\n\n\n\n<h2 class=\"wp-block-heading has-text-align-center has-large-font-size\"><strong>Joergang 2025<\/strong><\/h2>\n\n\n\n<figure class=\"wp-block-image size-full is-resized\"><img loading=\"lazy\" decoding=\"async\" width=\"573\" height=\"831\" src=\"https:\/\/theaterfrennpeiteng.lu\/wp-content\/uploads\/2025\/09\/affiche.png\" alt=\"\" class=\"wp-image-1796\" style=\"aspect-ratio:0.6895375532961627;width:675px;height:auto\" srcset=\"https:\/\/theaterfrennpeiteng.lu\/wp-content\/uploads\/2025\/09\/affiche.png 573w, https:\/\/theaterfrennpeiteng.lu\/wp-content\/uploads\/2025\/09\/affiche-207x300.png 207w\" sizes=\"auto, (max-width: 573px) 100vw, 573px\" \/><\/figure>\n","protected":false},"excerpt":{"rendered":"<p>Joergang 2013 Et hu gespillt : Raymond Kimmes (Max Klemmes) \/ Armand Goldschmit (Pir Klemmes) \/ Claude Humbert (Harri Klemmes \/ Astrid Bernard-Wester (K\u00e4tt Weibel) \/ Viviane Eresch-Stracks (Anna Klemmes) \/ Jennifer Schrank-Torzoni (Louise Bordelli) \/ Nathalia Terres (Lola Cameli) \/ Romain Mertzig (Willi Kneipchen) \/ Roland Schaus (Kommiss\u00e4r Humpi).Regie: Ars\u00e8ne Bernard Joergang 2014 Et &hellip; <\/p>\n<p class=\"link-more\"><a href=\"https:\/\/theaterfrennpeiteng.lu\/?page_id=25\" class=\"more-link\"><span class=\"screen-reader-text\">\u201eEis Theaterst\u00e9cker\u201c<\/span> weiterlesen<\/a><\/p>\n","protected":false},"author":2,"featured_media":0,"parent":0,"menu_order":0,"comment_status":"closed","ping_status":"closed","template":"","meta":{"footnotes":""},"class_list":["post-25","page","type-page","status-publish","hentry"],"yoast_head":"<!-- This site is optimized with the Yoast SEO plugin v25.9 - https:\/\/yoast.com\/wordpress\/plugins\/seo\/ -->\n<title>Eis Theaterst\u00e9cker - Theaterfr\u00ebnn<\/title>\n<meta name=\"robots\" content=\"index, follow, max-snippet:-1, max-image-preview:large, max-video-preview:-1\" \/>\n<link rel=\"canonical\" href=\"https:\/\/theaterfrennpeiteng.lu\/?page_id=25\" \/>\n<meta property=\"og:locale\" content=\"de_DE\" \/>\n<meta property=\"og:type\" content=\"article\" \/>\n<meta property=\"og:title\" content=\"Eis Theaterst\u00e9cker - Theaterfr\u00ebnn\" \/>\n<meta property=\"og:description\" content=\"Joergang 2013 Et hu gespillt : Raymond Kimmes (Max Klemmes) \/ Armand Goldschmit (Pir Klemmes) \/ Claude Humbert (Harri Klemmes \/ Astrid Bernard-Wester (K\u00e4tt Weibel) \/ Viviane Eresch-Stracks (Anna Klemmes) \/ Jennifer Schrank-Torzoni (Louise Bordelli) \/ Nathalia Terres (Lola Cameli) \/ Romain Mertzig (Willi Kneipchen) \/ Roland Schaus (Kommiss\u00e4r Humpi).Regie: Ars\u00e8ne Bernard Joergang 2014 Et &hellip; \u201eEis Theaterst\u00e9cker\u201c weiterlesen\" \/>\n<meta property=\"og:url\" content=\"https:\/\/theaterfrennpeiteng.lu\/?page_id=25\" \/>\n<meta property=\"og:site_name\" content=\"Theaterfr\u00ebnn\" \/>\n<meta property=\"article:modified_time\" content=\"2026-01-02T17:16:37+00:00\" \/>\n<meta property=\"og:image\" content=\"https:\/\/theaterfrennpeiteng.lu\/wp-content\/uploads\/2022\/07\/Theater-Affiche.jpeg\" \/>\n\t<meta property=\"og:image:width\" content=\"1704\" \/>\n\t<meta property=\"og:image:height\" content=\"2430\" \/>\n\t<meta property=\"og:image:type\" content=\"image\/jpeg\" \/>\n<meta name=\"twitter:card\" content=\"summary_large_image\" \/>\n<meta name=\"twitter:label1\" content=\"Gesch\u00e4tzte Lesezeit\" \/>\n\t<meta name=\"twitter:data1\" content=\"6\u00a0Minuten\" \/>\n<script type=\"application\/ld+json\" class=\"yoast-schema-graph\">{\"@context\":\"https:\/\/schema.org\",\"@graph\":[{\"@type\":\"WebPage\",\"@id\":\"https:\/\/theaterfrennpeiteng.lu\/?page_id=25\",\"url\":\"https:\/\/theaterfrennpeiteng.lu\/?page_id=25\",\"name\":\"Eis Theaterst\u00e9cker - Theaterfr\u00ebnn\",\"isPartOf\":{\"@id\":\"https:\/\/theaterfrennpeiteng.lu\/#website\"},\"primaryImageOfPage\":{\"@id\":\"https:\/\/theaterfrennpeiteng.lu\/?page_id=25#primaryimage\"},\"image\":{\"@id\":\"https:\/\/theaterfrennpeiteng.lu\/?page_id=25#primaryimage\"},\"thumbnailUrl\":\"https:\/\/theaterfrennpeiteng.lu\/wp-content\/uploads\/2022\/07\/Theater-Affiche-718x1024.jpeg\",\"datePublished\":\"2022-07-25T20:09:27+00:00\",\"dateModified\":\"2026-01-02T17:16:37+00:00\",\"breadcrumb\":{\"@id\":\"https:\/\/theaterfrennpeiteng.lu\/?page_id=25#breadcrumb\"},\"inLanguage\":\"de\",\"potentialAction\":[{\"@type\":\"ReadAction\",\"target\":[\"https:\/\/theaterfrennpeiteng.lu\/?page_id=25\"]}]},{\"@type\":\"ImageObject\",\"inLanguage\":\"de\",\"@id\":\"https:\/\/theaterfrennpeiteng.lu\/?page_id=25#primaryimage\",\"url\":\"https:\/\/theaterfrennpeiteng.lu\/wp-content\/uploads\/2022\/07\/Theater-Affiche.jpeg\",\"contentUrl\":\"https:\/\/theaterfrennpeiteng.lu\/wp-content\/uploads\/2022\/07\/Theater-Affiche.jpeg\",\"width\":1704,\"height\":2430,\"caption\":\"Theater-Affiche 2013\"},{\"@type\":\"BreadcrumbList\",\"@id\":\"https:\/\/theaterfrennpeiteng.lu\/?page_id=25#breadcrumb\",\"itemListElement\":[{\"@type\":\"ListItem\",\"position\":1,\"name\":\"Startseite\",\"item\":\"https:\/\/theaterfrennpeiteng.lu\/\"},{\"@type\":\"ListItem\",\"position\":2,\"name\":\"Eis Theaterst\u00e9cker\"}]},{\"@type\":\"WebSite\",\"@id\":\"https:\/\/theaterfrennpeiteng.lu\/#website\",\"url\":\"https:\/\/theaterfrennpeiteng.lu\/\",\"name\":\"Theaterfr\u00ebnn\",\"description\":\"Website Theaterfr\u00ebnn\",\"potentialAction\":[{\"@type\":\"SearchAction\",\"target\":{\"@type\":\"EntryPoint\",\"urlTemplate\":\"https:\/\/theaterfrennpeiteng.lu\/?s={search_term_string}\"},\"query-input\":{\"@type\":\"PropertyValueSpecification\",\"valueRequired\":true,\"valueName\":\"search_term_string\"}}],\"inLanguage\":\"de\"}]}<\/script>\n<!-- \/ Yoast SEO plugin. -->","yoast_head_json":{"title":"Eis Theaterst\u00e9cker - Theaterfr\u00ebnn","robots":{"index":"index","follow":"follow","max-snippet":"max-snippet:-1","max-image-preview":"max-image-preview:large","max-video-preview":"max-video-preview:-1"},"canonical":"https:\/\/theaterfrennpeiteng.lu\/?page_id=25","og_locale":"de_DE","og_type":"article","og_title":"Eis Theaterst\u00e9cker - Theaterfr\u00ebnn","og_description":"Joergang 2013 Et hu gespillt : Raymond Kimmes (Max Klemmes) \/ Armand Goldschmit (Pir Klemmes) \/ Claude Humbert (Harri Klemmes \/ Astrid Bernard-Wester (K\u00e4tt Weibel) \/ Viviane Eresch-Stracks (Anna Klemmes) \/ Jennifer Schrank-Torzoni (Louise Bordelli) \/ Nathalia Terres (Lola Cameli) \/ Romain Mertzig (Willi Kneipchen) \/ Roland Schaus (Kommiss\u00e4r Humpi).Regie: Ars\u00e8ne Bernard Joergang 2014 Et &hellip; \u201eEis Theaterst\u00e9cker\u201c weiterlesen","og_url":"https:\/\/theaterfrennpeiteng.lu\/?page_id=25","og_site_name":"Theaterfr\u00ebnn","article_modified_time":"2026-01-02T17:16:37+00:00","og_image":[{"width":1704,"height":2430,"url":"https:\/\/theaterfrennpeiteng.lu\/wp-content\/uploads\/2022\/07\/Theater-Affiche.jpeg","type":"image\/jpeg"}],"twitter_card":"summary_large_image","twitter_misc":{"Gesch\u00e4tzte Lesezeit":"6\u00a0Minuten"},"schema":{"@context":"https:\/\/schema.org","@graph":[{"@type":"WebPage","@id":"https:\/\/theaterfrennpeiteng.lu\/?page_id=25","url":"https:\/\/theaterfrennpeiteng.lu\/?page_id=25","name":"Eis Theaterst\u00e9cker - Theaterfr\u00ebnn","isPartOf":{"@id":"https:\/\/theaterfrennpeiteng.lu\/#website"},"primaryImageOfPage":{"@id":"https:\/\/theaterfrennpeiteng.lu\/?page_id=25#primaryimage"},"image":{"@id":"https:\/\/theaterfrennpeiteng.lu\/?page_id=25#primaryimage"},"thumbnailUrl":"https:\/\/theaterfrennpeiteng.lu\/wp-content\/uploads\/2022\/07\/Theater-Affiche-718x1024.jpeg","datePublished":"2022-07-25T20:09:27+00:00","dateModified":"2026-01-02T17:16:37+00:00","breadcrumb":{"@id":"https:\/\/theaterfrennpeiteng.lu\/?page_id=25#breadcrumb"},"inLanguage":"de","potentialAction":[{"@type":"ReadAction","target":["https:\/\/theaterfrennpeiteng.lu\/?page_id=25"]}]},{"@type":"ImageObject","inLanguage":"de","@id":"https:\/\/theaterfrennpeiteng.lu\/?page_id=25#primaryimage","url":"https:\/\/theaterfrennpeiteng.lu\/wp-content\/uploads\/2022\/07\/Theater-Affiche.jpeg","contentUrl":"https:\/\/theaterfrennpeiteng.lu\/wp-content\/uploads\/2022\/07\/Theater-Affiche.jpeg","width":1704,"height":2430,"caption":"Theater-Affiche 2013"},{"@type":"BreadcrumbList","@id":"https:\/\/theaterfrennpeiteng.lu\/?page_id=25#breadcrumb","itemListElement":[{"@type":"ListItem","position":1,"name":"Startseite","item":"https:\/\/theaterfrennpeiteng.lu\/"},{"@type":"ListItem","position":2,"name":"Eis Theaterst\u00e9cker"}]},{"@type":"WebSite","@id":"https:\/\/theaterfrennpeiteng.lu\/#website","url":"https:\/\/theaterfrennpeiteng.lu\/","name":"Theaterfr\u00ebnn","description":"Website Theaterfr\u00ebnn","potentialAction":[{"@type":"SearchAction","target":{"@type":"EntryPoint","urlTemplate":"https:\/\/theaterfrennpeiteng.lu\/?s={search_term_string}"},"query-input":{"@type":"PropertyValueSpecification","valueRequired":true,"valueName":"search_term_string"}}],"inLanguage":"de"}]}},"_links":{"self":[{"href":"https:\/\/theaterfrennpeiteng.lu\/index.php?rest_route=\/wp\/v2\/pages\/25","targetHints":{"allow":["GET"]}}],"collection":[{"href":"https:\/\/theaterfrennpeiteng.lu\/index.php?rest_route=\/wp\/v2\/pages"}],"about":[{"href":"https:\/\/theaterfrennpeiteng.lu\/index.php?rest_route=\/wp\/v2\/types\/page"}],"author":[{"embeddable":true,"href":"https:\/\/theaterfrennpeiteng.lu\/index.php?rest_route=\/wp\/v2\/users\/2"}],"replies":[{"embeddable":true,"href":"https:\/\/theaterfrennpeiteng.lu\/index.php?rest_route=%2Fwp%2Fv2%2Fcomments&post=25"}],"version-history":[{"count":54,"href":"https:\/\/theaterfrennpeiteng.lu\/index.php?rest_route=\/wp\/v2\/pages\/25\/revisions"}],"predecessor-version":[{"id":2133,"href":"https:\/\/theaterfrennpeiteng.lu\/index.php?rest_route=\/wp\/v2\/pages\/25\/revisions\/2133"}],"wp:attachment":[{"href":"https:\/\/theaterfrennpeiteng.lu\/index.php?rest_route=%2Fwp%2Fv2%2Fmedia&parent=25"}],"curies":[{"name":"wp","href":"https:\/\/api.w.org\/{rel}","templated":true}]}}